{"version":"1.0","provider_name":"Od\u015bnie\u017canie dach\u00f3w, Usuwanie \u015bniegu z dach\u00f3w,","provider_url":"https:\/\/renowacje.net.pl\/de","title":"Ver\u00f6ffentlichung auf polskatimes.pl - Od\u015bnie\u017canie dach\u00f3w, Usuwanie \u015bniegu z dach\u00f3w,","type":"rich","width":600,"height":338,"html":"<blockquote class=\"wp-embedded-content\" data-secret=\"TFaUeHWOqo\"><a href=\"https:\/\/renowacje.net.pl\/de\/informacja-media\/veroeffentlichung-auf-polskatimes-pl\/\">Ver\u00f6ffentlichung auf polskatimes.pl<\/a><\/blockquote><iframe sandbox=\"allow-scripts\" security=\"restricted\" src=\"https:\/\/renowacje.net.pl\/de\/informacja-media\/veroeffentlichung-auf-polskatimes-pl\/embed\/#?secret=TFaUeHWOqo\" width=\"600\" height=\"338\" title=\"&#8222;Ver\u00f6ffentlichung auf polskatimes.pl&#8220; &#8211; Od\u015bnie\u017canie dach\u00f3w, Usuwanie \u015bniegu z dach\u00f3w,\" data-secret=\"TFaUeHWOqo\" frameborder=\"0\" marginwidth=\"0\" marginheight=\"0\" scrolling=\"no\" class=\"wp-embedded-content\"><\/iframe><script type=\"text\/javascript\">\n\/* <![CDATA[ *\/\n\/*! This file is auto-generated *\/\n!function(d,l){\"use strict\";l.querySelector&&d.addEventListener&&\"undefined\"!=typeof URL&&(d.wp=d.wp||{},d.wp.receiveEmbedMessage||(d.wp.receiveEmbedMessage=function(e){var t=e.data;if((t||t.secret||t.message||t.value)&&!\/[^a-zA-Z0-9]\/.test(t.secret)){for(var s,r,n,a=l.querySelectorAll('iframe[data-secret=\"'+t.secret+'\"]'),o=l.querySelectorAll('blockquote[data-secret=\"'+t.secret+'\"]'),c=new RegExp(\"^https?:$\",\"i\"),i=0;i<o.length;i++)o[i].style.display=\"none\";for(i=0;i<a.length;i++)s=a[i],e.source===s.contentWindow&&(s.removeAttribute(\"style\"),\"height\"===t.message?(1e3<(r=parseInt(t.value,10))?r=1e3:~~r<200&&(r=200),s.height=r):\"link\"===t.message&&(r=new URL(s.getAttribute(\"src\")),n=new URL(t.value),c.test(n.protocol))&&n.host===r.host&&l.activeElement===s&&(d.top.location.href=t.value))}},d.addEventListener(\"message\",d.wp.receiveEmbedMessage,!1),l.addEventListener(\"DOMContentLoaded\",function(){for(var e,t,s=l.querySelectorAll(\"iframe.wp-embedded-content\"),r=0;r<s.length;r++)(t=(e=s[r]).getAttribute(\"data-secret\"))||(t=Math.random().toString(36).substring(2,12),e.src+=\"#?secret=\"+t,e.setAttribute(\"data-secret\",t)),e.contentWindow.postMessage({message:\"ready\",secret:t},\"*\")},!1)))}(window,document);\n\/* ]]> *\/\n<\/script>\n","description":"Ein Artikel \u00fcber das Arbeiten in H\u00f6hen wurde auf polskatimes.pl ver\u00f6ffentlicht. Der Text enth\u00e4lt die Aussagen unseres Experten Piotr Mo\u017cwi\u0142o, der die Besonderheiten des Berufs des Bergsteigers ausf\u00fchrlich beschreibt. Das Material finden Sie unter dem Link: http:\/\/www.polskatimes.pl\/artykul\/3296352,kto-moze-odsniezac-dachy,1,id,t,sa.html#art-komentarze"}