{"id":389,"date":"2017-07-13T13:23:07","date_gmt":"2017-07-13T11:23:07","guid":{"rendered":"http:\/\/renowacje.net.pl\/oferta\/malowanie-ostrzegawcze\/"},"modified":"2021-02-15T10:52:45","modified_gmt":"2021-02-15T09:52:45","slug":"vystrazne-malovani","status":"publish","type":"page","link":"https:\/\/renowacje.net.pl\/cs\/nabidka\/vystrazne-malovani\/","title":{"rendered":"v\u00fdstra\u017en\u00e9 malov\u00e1n\u00ed"},"content":{"rendered":"<p>V\u00fdstra\u017en\u00e1 malba zahrnuje vhodn\u00e9 ozna\u010den\u00ed vysok\u00fdch p\u0159edm\u011bt\u016f jako tzv leteck\u00e9 p\u0159ek\u00e1\u017eky (v souladu s vyhl\u00e1\u0161kou ministra infrastruktury ze dne 25. \u010dervna 2003, v\u011bstn\u00edk z\u00e1kon\u016f z roku 2003 \u010d. 130, polo\u017eka 1193, ve zn\u011bn\u00ed pozd\u011bj\u0161\u00edch p\u0159edpis\u016f). Pat\u0159\u00ed mezi n\u011b zejm\u00e9na:<\/p>\n<ul>\n<li>trval\u00e9 nebo do\u010dasn\u00e9 stavebn\u00ed pr\u00e1ce a p\u0159\u00edrodn\u00ed p\u0159edm\u011bty nebo jejich \u010d\u00e1sti s v\u00fd\u0161kami p\u0159esahuj\u00edc\u00edmi omezuj\u00edc\u00ed povrchy,<\/li>\n<li>stavebn\u00ed pr\u00e1ce s v\u00fd\u0161kou 100 m a v\u00edce nad \u00farovn\u00ed okoln\u00ed p\u016fdy nebo vody,<\/li>\n<li>stavebn\u00ed konstrukce a p\u0159\u00edrodn\u00ed objekty nebo jejich \u010d\u00e1sti, kter\u00e9 je obt\u00ed\u017en\u00e9 vid\u011bt ze vzduchu na pozad\u00ed (kv\u016fli jejich barv\u011b, um\u00edst\u011bn\u00ed nebo struktu\u0159e).<\/li>\n<\/ul>\n<p><strong>Pro\u010d se vyplat\u00ed vyu\u017e\u00edt na\u0161\u00ed nab\u00eddky?<\/strong><\/p>\n<ul>\n<li>M\u00e1me pot\u0159ebnou kvalifikaci a rozs\u00e1hl\u00e9 zku\u0161enosti s prov\u00e1d\u011bn\u00edm tohoto typu pr\u00e1ce<\/li>\n<li>Poskytujeme komplexn\u00ed slu\u017eby &#8211; od stavebn\u00edch inspekc\u00ed, p\u0159es vypracov\u00e1n\u00ed pl\u00e1nu renovace a jeho realizaci, a\u017e po renovaci a v\u00fdstra\u017en\u00e9 lakov\u00e1n\u00ed<\/li>\n<li>Pr\u00e1ce, kter\u00e9 zahrnuj\u00ed malov\u00e1n\u00ed kom\u00edn\u016f a v\u011b\u017e\u00ed, jsou prov\u00e1d\u011bny v cel\u00e9 Evrop\u011b bez ohledu na specifi\u010dnost za\u0159\u00edzen\u00ed a rozsah \u010dinnost\u00ed<\/li>\n<\/ul>\n","protected":false},"excerpt":{"rendered":"<p>V\u00fdstra\u017en\u00e1 malba zahrnuje vhodn\u00e9 ozna\u010den\u00ed vysok\u00fdch p\u0159edm\u011bt\u016f jako tzv leteck\u00e9 p\u0159ek\u00e1\u017eky (v souladu s vyhl\u00e1\u0161kou ministra infrastruktury ze dne 25. \u010dervna 2003, v\u011bstn\u00edk z\u00e1kon\u016f z roku 2003 \u010d. 130, polo\u017eka 1193, ve zn\u011bn\u00ed pozd\u011bj\u0161\u00edch p\u0159edpis\u016f). Pat\u0159\u00ed mezi n\u011b zejm\u00e9na: trval\u00e9 nebo do\u010dasn\u00e9 stavebn\u00ed pr\u00e1ce a p\u0159\u00edrodn\u00ed p\u0159edm\u011bty nebo jejich \u010d\u00e1sti s v\u00fd\u0161kami p\u0159esahuj\u00edc\u00edmi omezuj\u00edc\u00ed povrchy, [&hellip;]<\/p>\n","protected":false},"author":1,"featured_media":0,"parent":376,"menu_order":0,"comment_status":"closed","ping_status":"closed","template":"single-oferta.php","meta":{"ngg_post_thumbnail":0,"footnotes":""},"class_list":["post-389","page","type-page","status-publish","hentry"],"yoast_head":"<!-- This site is optimized with the Yoast SEO plugin v25.4 - https:\/\/yoast.com\/wordpress\/plugins\/seo\/ -->\n<title>v\u00fdstra\u017en\u00e9 malov\u00e1n\u00ed - Od\u015bnie\u017canie dach\u00f3w, Usuwanie \u015bniegu z dach\u00f3w,<\/title>\n<meta name=\"robots\" content=\"index, follow, max-snippet:-1, max-image-preview:large, max-video-preview:-1\" \/>\n<link rel=\"canonical\" href=\"https:\/\/renowacje.net.pl\/cs\/nabidka\/vystrazne-malovani\/\" \/>\n<meta property=\"og:locale\" content=\"cs_CZ\" \/>\n<meta property=\"og:type\" content=\"article\" \/>\n<meta property=\"og:title\" content=\"v\u00fdstra\u017en\u00e9 malov\u00e1n\u00ed - Od\u015bnie\u017canie dach\u00f3w, Usuwanie \u015bniegu z dach\u00f3w,\" \/>\n<meta property=\"og:description\" content=\"V\u00fdstra\u017en\u00e1 malba zahrnuje vhodn\u00e9 ozna\u010den\u00ed vysok\u00fdch p\u0159edm\u011bt\u016f jako tzv leteck\u00e9 p\u0159ek\u00e1\u017eky (v souladu s vyhl\u00e1\u0161kou ministra infrastruktury ze dne 25. \u010dervna 2003, v\u011bstn\u00edk z\u00e1kon\u016f z roku 2003 \u010d. 130, polo\u017eka 1193, ve zn\u011bn\u00ed pozd\u011bj\u0161\u00edch p\u0159edpis\u016f). Pat\u0159\u00ed mezi n\u011b zejm\u00e9na: trval\u00e9 nebo do\u010dasn\u00e9 stavebn\u00ed pr\u00e1ce a p\u0159\u00edrodn\u00ed p\u0159edm\u011bty nebo jejich \u010d\u00e1sti s v\u00fd\u0161kami p\u0159esahuj\u00edc\u00edmi omezuj\u00edc\u00ed povrchy, [&hellip;]\" \/>\n<meta property=\"og:url\" content=\"https:\/\/renowacje.net.pl\/cs\/nabidka\/vystrazne-malovani\/\" \/>\n<meta property=\"og:site_name\" content=\"Od\u015bnie\u017canie dach\u00f3w, Usuwanie \u015bniegu z dach\u00f3w,\" \/>\n<meta property=\"article:publisher\" content=\"https:\/\/www.facebook.com\/ProspectGroupSpzoo\/\" \/>\n<meta property=\"article:modified_time\" content=\"2021-02-15T09:52:45+00:00\" \/>\n<meta name=\"twitter:card\" content=\"summary_large_image\" \/>\n<meta name=\"twitter:label1\" content=\"Odhadovan\u00e1 doba \u010dten\u00ed\" \/>\n\t<meta name=\"twitter:data1\" content=\"1 minuta\" \/>\n<script type=\"application\/ld+json\" class=\"yoast-schema-graph\">{\"@context\":\"https:\/\/schema.org\",\"@graph\":[{\"@type\":\"WebPage\",\"@id\":\"https:\/\/renowacje.net.pl\/cs\/nabidka\/vystrazne-malovani\/\",\"url\":\"https:\/\/renowacje.net.pl\/cs\/nabidka\/vystrazne-malovani\/\",\"name\":\"v\u00fdstra\u017en\u00e9 malov\u00e1n\u00ed - Od\u015bnie\u017canie dach\u00f3w, Usuwanie \u015bniegu z dach\u00f3w,\",\"isPartOf\":{\"@id\":\"https:\/\/renowacje.net.pl\/#website\"},\"datePublished\":\"2017-07-13T11:23:07+00:00\",\"dateModified\":\"2021-02-15T09:52:45+00:00\",\"breadcrumb\":{\"@id\":\"https:\/\/renowacje.net.pl\/cs\/nabidka\/vystrazne-malovani\/#breadcrumb\"},\"inLanguage\":\"cs\",\"potentialAction\":[{\"@type\":\"ReadAction\",\"target\":[\"https:\/\/renowacje.net.pl\/cs\/nabidka\/vystrazne-malovani\/\"]}]},{\"@type\":\"BreadcrumbList\",\"@id\":\"https:\/\/renowacje.net.pl\/cs\/nabidka\/vystrazne-malovani\/#breadcrumb\",\"itemListElement\":[{\"@type\":\"ListItem\",\"position\":1,\"name\":\"Strona g\u0142\u00f3wna\",\"item\":\"https:\/\/renowacje.net.pl\/cs\/\"},{\"@type\":\"ListItem\",\"position\":2,\"name\":\"nab\u00eddka\",\"item\":\"https:\/\/renowacje.net.pl\/cs\/nabidka\/\"},{\"@type\":\"ListItem\",\"position\":3,\"name\":\"v\u00fdstra\u017en\u00e9 malov\u00e1n\u00ed\"}]},{\"@type\":\"WebSite\",\"@id\":\"https:\/\/renowacje.net.pl\/#website\",\"url\":\"https:\/\/renowacje.net.pl\/\",\"name\":\"Od\u015bnie\u017canie dach\u00f3w, Usuwanie \u015bniegu z dach\u00f3w,\",\"description\":\"Od\u015bnie\u017canie dach\u00f3w, Usuwanie \u015bniegu z dach\u00f3w,\",\"potentialAction\":[{\"@type\":\"SearchAction\",\"target\":{\"@type\":\"EntryPoint\",\"urlTemplate\":\"https:\/\/renowacje.net.pl\/?s={search_term_string}\"},\"query-input\":{\"@type\":\"PropertyValueSpecification\",\"valueRequired\":true,\"valueName\":\"search_term_string\"}}],\"inLanguage\":\"cs\"}]}<\/script>\n<!-- \/ Yoast SEO plugin. -->","yoast_head_json":{"title":"v\u00fdstra\u017en\u00e9 malov\u00e1n\u00ed - Od\u015bnie\u017canie dach\u00f3w, Usuwanie \u015bniegu z dach\u00f3w,","robots":{"index":"index","follow":"follow","max-snippet":"max-snippet:-1","max-image-preview":"max-image-preview:large","max-video-preview":"max-video-preview:-1"},"canonical":"https:\/\/renowacje.net.pl\/cs\/nabidka\/vystrazne-malovani\/","og_locale":"cs_CZ","og_type":"article","og_title":"v\u00fdstra\u017en\u00e9 malov\u00e1n\u00ed - Od\u015bnie\u017canie dach\u00f3w, Usuwanie \u015bniegu z dach\u00f3w,","og_description":"V\u00fdstra\u017en\u00e1 malba zahrnuje vhodn\u00e9 ozna\u010den\u00ed vysok\u00fdch p\u0159edm\u011bt\u016f jako tzv leteck\u00e9 p\u0159ek\u00e1\u017eky (v souladu s vyhl\u00e1\u0161kou ministra infrastruktury ze dne 25. \u010dervna 2003, v\u011bstn\u00edk z\u00e1kon\u016f z roku 2003 \u010d. 130, polo\u017eka 1193, ve zn\u011bn\u00ed pozd\u011bj\u0161\u00edch p\u0159edpis\u016f). Pat\u0159\u00ed mezi n\u011b zejm\u00e9na: trval\u00e9 nebo do\u010dasn\u00e9 stavebn\u00ed pr\u00e1ce a p\u0159\u00edrodn\u00ed p\u0159edm\u011bty nebo jejich \u010d\u00e1sti s v\u00fd\u0161kami p\u0159esahuj\u00edc\u00edmi omezuj\u00edc\u00ed povrchy, [&hellip;]","og_url":"https:\/\/renowacje.net.pl\/cs\/nabidka\/vystrazne-malovani\/","og_site_name":"Od\u015bnie\u017canie dach\u00f3w, Usuwanie \u015bniegu z dach\u00f3w,","article_publisher":"https:\/\/www.facebook.com\/ProspectGroupSpzoo\/","article_modified_time":"2021-02-15T09:52:45+00:00","twitter_card":"summary_large_image","twitter_misc":{"Odhadovan\u00e1 doba \u010dten\u00ed":"1 minuta"},"schema":{"@context":"https:\/\/schema.org","@graph":[{"@type":"WebPage","@id":"https:\/\/renowacje.net.pl\/cs\/nabidka\/vystrazne-malovani\/","url":"https:\/\/renowacje.net.pl\/cs\/nabidka\/vystrazne-malovani\/","name":"v\u00fdstra\u017en\u00e9 malov\u00e1n\u00ed - Od\u015bnie\u017canie dach\u00f3w, Usuwanie \u015bniegu z dach\u00f3w,","isPartOf":{"@id":"https:\/\/renowacje.net.pl\/#website"},"datePublished":"2017-07-13T11:23:07+00:00","dateModified":"2021-02-15T09:52:45+00:00","breadcrumb":{"@id":"https:\/\/renowacje.net.pl\/cs\/nabidka\/vystrazne-malovani\/#breadcrumb"},"inLanguage":"cs","potentialAction":[{"@type":"ReadAction","target":["https:\/\/renowacje.net.pl\/cs\/nabidka\/vystrazne-malovani\/"]}]},{"@type":"BreadcrumbList","@id":"https:\/\/renowacje.net.pl\/cs\/nabidka\/vystrazne-malovani\/#breadcrumb","itemListElement":[{"@type":"ListItem","position":1,"name":"Strona g\u0142\u00f3wna","item":"https:\/\/renowacje.net.pl\/cs\/"},{"@type":"ListItem","position":2,"name":"nab\u00eddka","item":"https:\/\/renowacje.net.pl\/cs\/nabidka\/"},{"@type":"ListItem","position":3,"name":"v\u00fdstra\u017en\u00e9 malov\u00e1n\u00ed"}]},{"@type":"WebSite","@id":"https:\/\/renowacje.net.pl\/#website","url":"https:\/\/renowacje.net.pl\/","name":"Od\u015bnie\u017canie dach\u00f3w, Usuwanie \u015bniegu z dach\u00f3w,","description":"Od\u015bnie\u017canie dach\u00f3w, Usuwanie \u015bniegu z dach\u00f3w,","potentialAction":[{"@type":"SearchAction","target":{"@type":"EntryPoint","urlTemplate":"https:\/\/renowacje.net.pl\/?s={search_term_string}"},"query-input":{"@type":"PropertyValueSpecification","valueRequired":true,"valueName":"search_term_string"}}],"inLanguage":"cs"}]}},"_links":{"self":[{"href":"https:\/\/renowacje.net.pl\/cs\/wp-json\/wp\/v2\/pages\/389","targetHints":{"allow":["GET"]}}],"collection":[{"href":"https:\/\/renowacje.net.pl\/cs\/wp-json\/wp\/v2\/pages"}],"about":[{"href":"https:\/\/renowacje.net.pl\/cs\/wp-json\/wp\/v2\/types\/page"}],"author":[{"embeddable":true,"href":"https:\/\/renowacje.net.pl\/cs\/wp-json\/wp\/v2\/users\/1"}],"replies":[{"embeddable":true,"href":"https:\/\/renowacje.net.pl\/cs\/wp-json\/wp\/v2\/comments?post=389"}],"version-history":[{"count":3,"href":"https:\/\/renowacje.net.pl\/cs\/wp-json\/wp\/v2\/pages\/389\/revisions"}],"predecessor-version":[{"id":2236,"href":"https:\/\/renowacje.net.pl\/cs\/wp-json\/wp\/v2\/pages\/389\/revisions\/2236"}],"up":[{"embeddable":true,"href":"https:\/\/renowacje.net.pl\/cs\/wp-json\/wp\/v2\/pages\/376"}],"wp:attachment":[{"href":"https:\/\/renowacje.net.pl\/cs\/wp-json\/wp\/v2\/media?parent=389"}],"curies":[{"name":"wp","href":"https:\/\/api.w.org\/{rel}","templated":true}]}}