{"version":"1.0","provider_name":"Od\u015bnie\u017canie dach\u00f3w, Usuwanie \u015bniegu z dach\u00f3w,","provider_url":"https:\/\/renowacje.net.pl\/cs","title":"Rekonstrukce plavebn\u00ed komory \u0141ab\u0119dy v Gliwicach - Od\u015bnie\u017canie dach\u00f3w, Usuwanie \u015bniegu z dach\u00f3w,","type":"rich","width":600,"height":338,"html":"<blockquote class=\"wp-embedded-content\" data-secret=\"TTKsYWMrJ8\"><a href=\"https:\/\/renowacje.net.pl\/cs\/realizacja\/rekonstrukce-plavebni-komory-labedy-v-gliwicach\/\">Rekonstrukce plavebn\u00ed komory \u0141ab\u0119dy v Gliwicach<\/a><\/blockquote><iframe sandbox=\"allow-scripts\" security=\"restricted\" src=\"https:\/\/renowacje.net.pl\/cs\/realizacja\/rekonstrukce-plavebni-komory-labedy-v-gliwicach\/embed\/#?secret=TTKsYWMrJ8\" width=\"600\" height=\"338\" title=\"&#8222;Rekonstrukce plavebn\u00ed komory \u0141ab\u0119dy v Gliwicach&#8220; &#8212; Od\u015bnie\u017canie dach\u00f3w, Usuwanie \u015bniegu z dach\u00f3w,\" data-secret=\"TTKsYWMrJ8\" frameborder=\"0\" marginwidth=\"0\" marginheight=\"0\" scrolling=\"no\" class=\"wp-embedded-content\"><\/iframe><script type=\"text\/javascript\">\n\/* <![CDATA[ *\/\n\/*! This file is auto-generated *\/\n!function(d,l){\"use strict\";l.querySelector&&d.addEventListener&&\"undefined\"!=typeof URL&&(d.wp=d.wp||{},d.wp.receiveEmbedMessage||(d.wp.receiveEmbedMessage=function(e){var t=e.data;if((t||t.secret||t.message||t.value)&&!\/[^a-zA-Z0-9]\/.test(t.secret)){for(var s,r,n,a=l.querySelectorAll('iframe[data-secret=\"'+t.secret+'\"]'),o=l.querySelectorAll('blockquote[data-secret=\"'+t.secret+'\"]'),c=new RegExp(\"^https?:$\",\"i\"),i=0;i<o.length;i++)o[i].style.display=\"none\";for(i=0;i<a.length;i++)s=a[i],e.source===s.contentWindow&&(s.removeAttribute(\"style\"),\"height\"===t.message?(1e3<(r=parseInt(t.value,10))?r=1e3:~~r<200&&(r=200),s.height=r):\"link\"===t.message&&(r=new URL(s.getAttribute(\"src\")),n=new URL(t.value),c.test(n.protocol))&&n.host===r.host&&l.activeElement===s&&(d.top.location.href=t.value))}},d.addEventListener(\"message\",d.wp.receiveEmbedMessage,!1),l.addEventListener(\"DOMContentLoaded\",function(){for(var e,t,s=l.querySelectorAll(\"iframe.wp-embedded-content\"),r=0;r<s.length;r++)(t=(e=s[r]).getAttribute(\"data-secret\"))||(t=Math.random().toString(36).substring(2,12),e.src+=\"#?secret=\"+t,e.setAttribute(\"data-secret\",t)),e.contentWindow.postMessage({message:\"ready\",secret:t},\"*\")},!1)))}(window,document);\n\/* ]]> *\/\n<\/script>\n","description":"Realizace rekonstruk\u010dn\u00edch, stavebn\u00edch a dokon\u010dovac\u00edch prac\u00ed spolu s antikorozn\u00edmi pracemi p\u0159i rekonstrukci plavebn\u00ed komory \u0141ab\u0119dy v Gliwicach Vyu\u017e\u00edv\u00e1n\u00ed p\u016fdy, Rekonstrukce budovy trafostanice, Rekonstrukce technick\u00e9 budovy strojovny GG Mi\u0119dzy\u015bluzia, Rekonstrukce technick\u00e9 budovy ji\u017en\u00ed strojovny GG, Rekonstrukce technick\u00e9 budovy severn\u00ed strojovny GG, Rekonstrukce a modernizace hlavn\u00ed budovy (vel\u00ednu), Investor: St\u00e1tn\u00ed pokladna &#8211; Region\u00e1ln\u00ed vodohospod\u00e1\u0159sk\u00fd \u00fa\u0159ad v Gliwic\u00edch. [&hellip;]"}